
{"id":1049,"date":"2016-07-24T15:26:44","date_gmt":"2016-07-24T15:26:44","guid":{"rendered":"http:\/\/martaberrocal.org\/es\/?page_id=1049"},"modified":"2016-11-09T16:16:52","modified_gmt":"2016-11-09T16:16:52","slug":"cursos-abiertos","status":"publish","type":"page","link":"https:\/\/martaberrocal.org\/es\/cursos-abiertos\/","title":{"rendered":"Cursos, talleres y conferencias"},"content":{"rendered":"<p>En este apartado aparecen los cursos, talleres y conferencias que he impartido, abiertos a profesorado de distintos niveles y centros educativos.<\/p>\n<p>La mayor parte de ellos los he impartido en Catalu\u00f1a, pero he tenido tambi\u00e9n el placer y el privilegio de llevar algunos a cabo\u00a0en Galicia y Andaluc\u00eda.<\/p>\n<p>La mayor\u00eda se han organizado a propuesta de centros de profesores, encargados de detectar las necesidades de formaci\u00f3n del profesorado y darle respuesta.\u00a0 Ellos son los que se han puesto en contacto conmigo para hacerme encargos espec\u00edficos.<\/p>\n<p>Sin embargo, la tem\u00e1tica de algunos de estos cursos la he propuesto yo, cuando por ejemplo me han ofrecido participar en acciones de formaci\u00f3n amplias, que englobaban diferentes \u00e1reas de conocimiento e inclu\u00edan la educaci\u00f3n art\u00edstica.<\/p>\n<p>&nbsp;<\/p>\n<p><strong>Cursos <\/strong><\/p>\n<hr \/>\n<ul>\n<li><strong>Im\u00e1genes en Educaci\u00f3n Infantil<\/strong>. Organizado por el Centro de Profesorado de Almer\u00eda.\n<ul>\n<li>Marzo 2005<\/li>\n<\/ul>\n<\/li>\n<li>Participo como ponente en el curso: <strong>Imagen y dibujo infantil<\/strong>. Organizado por el Centro de Profesorado de Almer\u00eda.\n<ul>\n<li>2004<\/li>\n<\/ul>\n<\/li>\n<li><strong>El dise\u00f1o curricular de Educaci\u00f3n Visual y Pl\u00e1stica: Metodolog\u00edas de an\u00e1lisis, procesos de deconstrucci\u00f3n y reconstrucci\u00f3n heur\u00edstica.<\/strong>\n<ul>\n<li>Abril a mayo del 2000<\/li>\n<\/ul>\n<\/li>\n<li><strong>Propuestas y alternativas para trabajar el espacio y el volumen en secundaria<\/strong><em>.<\/em> Barcelona.\n<ul>\n<li>Del 6 al 16 de septiembre de 1999<\/li>\n<li>Del 4 al 14 de septiembre del 2000<\/li>\n<\/ul>\n<\/li>\n<li><strong>Did\u00e1ctica de la pl\u00e1stica. Continuidad. <\/strong>Cornell\u00e0 de Llobregat.\n<ul>\n<li>Noviembre 1999 a marzo del 2000<\/li>\n<\/ul>\n<\/li>\n<li><strong>Did\u00e1ctica de la pl\u00e1stica. Recursos<\/strong>. Cornell\u00e0 de Llobregat.\n<ul>\n<li>Octubre 1998 a marzo de 1999<\/li>\n<\/ul>\n<\/li>\n<li><strong>Pl\u00e1stica en Primaria: T\u00e9cnicas y recursos<\/strong><em>.<\/em> Cornell\u00e0 de Llobregat.\n<ul>\n<li>Noviembre de 1997 a febrero de 1998<\/li>\n<\/ul>\n<\/li>\n<li><strong>Creaciones tridimensionales con materiales de desecho<\/strong><em>.<\/em>\n<ul>\n<li>Del 9 al 20 de septiembre de 1996<\/li>\n<li>Febrero a abril de 1997<\/li>\n<\/ul>\n<\/li>\n<\/ul>\n<p>&nbsp;<\/p>\n<p><strong>Talleres<\/strong><\/p>\n<hr \/>\n<ul>\n<li><strong>Claves para potenciar o desenvolvemento da competencia cultural i art\u00edstica na educaci\u00f3n infantil<\/strong>. En el marco de los <em>VII Encontros de Educaci\u00f3n Infantil<\/em>. Organizado por la Conseller\u00eda de Educaci\u00f3n e Ordenaci\u00f3n Universitaria de la Xunta de Galicia. Santiago de Compostela.\n<ul>\n<li>25 y 26 de septiembre del 2009<\/li>\n<\/ul>\n<\/li>\n<li><strong>Obradoiro de expresi\u00f3n pl\u00e1stica na escola infantil: cor, forma e volume<\/strong><em>.<\/em> Organitzado por la Conseller\u00eda de Educaci\u00f3n e Ordenaci\u00f3n Universitaria\u00a0 de la Xunta de Galicia y el Centro de Formaci\u00f3n e Recursos da Coru\u00f1a. A Coru\u00f1a.\n<ul>\n<li>Marzo 2006<\/li>\n<\/ul>\n<\/li>\n<li><strong>Treballar a cor<\/strong>. En el marco de los <em>V Encontros de Educaci\u00f3n Infantil<\/em>. Organizado por la Conseller\u00eda de Educaci\u00f3n e Ordenaci\u00f3n Universitaria de la Xunta de Galicia. Santiago de Compostela.\n<ul>\n<li>Junio 2006<\/li>\n<\/ul>\n<\/li>\n<li><strong>Taller<\/strong>. En el marco de los <em>I Encontros de Educaci\u00f3n Infantil: a expresi\u00f3n pl\u00e1stica a debate<\/em>. Organizado por la Conseller\u00eda de Educaci\u00f3n e Ordenaci\u00f3n Universitaria de la Xunta de Galicia. Santiago de Compostela.\n<ul>\n<li>24 y 25 de mayo del 2002<\/li>\n<\/ul>\n<\/li>\n<\/ul>\n<p>&nbsp;<\/p>\n<p><strong>Conferencias<\/strong><\/p>\n<hr \/>\n<ul>\n<li>Formando parte del curso: \u00a0<em>Barcelona en la mano: La ciudad como recurso<\/em>, imparto dos conferencias: \u00a0<strong>Recursos did\u00e1cticos para dise\u00f1ar actividades a partir de los itinerarios realizados<\/strong>. Impartido en el Museo Barbier-Mueller de Barcelona.\u00a0 Marzo 1999<\/li>\n<li><strong>Conferencia<\/strong>. En el marco de los <em>I Encontros de Educaci\u00f3n Infantil: a expresi\u00f3n pl\u00e1stica a debate<\/em>. Organizado por la Conseller\u00eda de Educaci\u00f3n e Ordenaci\u00f3n Universitaria de la Xunta de Galicia. Santiago de Compostela.\u00a0 24 y 25 de mayo del 2002<\/li>\n<\/ul>\n<p>&nbsp;<\/p>\n","protected":false},"excerpt":{"rendered":"<p>En este apartado aparecen los cursos, talleres y conferencias que he impartido, abiertos a profesorado de distintos niveles y centros educativos. La mayor parte de ellos los he impartido en Catalu\u00f1a, pero he tenido tambi\u00e9n el placer y el privilegio de llevar algunos a cabo\u00a0en Galicia y Andaluc\u00eda. La mayor\u00eda se han organizado a propuesta &hellip; <a href=\"https:\/\/martaberrocal.org\/es\/cursos-abiertos\/\" class=\"more-link\">Seguir leyendo <span class=\"screen-reader-text\">Cursos, talleres y conferencias<\/span> <span class=\"meta-nav\">&rarr;<\/span><\/a><\/p>\n","protected":false},"author":1,"featured_media":0,"parent":0,"menu_order":0,"comment_status":"closed","ping_status":"closed","template":"","meta":{"footnotes":""},"class_list":["post-1049","page","type-page","status-publish","hentry"],"_links":{"self":[{"href":"https:\/\/martaberrocal.org\/es\/wp-json\/wp\/v2\/pages\/1049","targetHints":{"allow":["GET"]}}],"collection":[{"href":"https:\/\/martaberrocal.org\/es\/wp-json\/wp\/v2\/pages"}],"about":[{"href":"https:\/\/martaberrocal.org\/es\/wp-json\/wp\/v2\/types\/page"}],"author":[{"embeddable":true,"href":"https:\/\/martaberrocal.org\/es\/wp-json\/wp\/v2\/users\/1"}],"replies":[{"embeddable":true,"href":"https:\/\/martaberrocal.org\/es\/wp-json\/wp\/v2\/comments?post=1049"}],"version-history":[{"count":7,"href":"https:\/\/martaberrocal.org\/es\/wp-json\/wp\/v2\/pages\/1049\/revisions"}],"predecessor-version":[{"id":1523,"href":"https:\/\/martaberrocal.org\/es\/wp-json\/wp\/v2\/pages\/1049\/revisions\/1523"}],"wp:attachment":[{"href":"https:\/\/martaberrocal.org\/es\/wp-json\/wp\/v2\/media?parent=1049"}],"curies":[{"name":"wp","href":"https:\/\/api.w.org\/{rel}","templated":true}]}}