
{"id":1052,"date":"2016-07-24T15:27:18","date_gmt":"2016-07-24T15:27:18","guid":{"rendered":"http:\/\/martaberrocal.org\/es\/?page_id=1052"},"modified":"2016-11-09T17:07:15","modified_gmt":"2016-11-09T17:07:15","slug":"cursos-en-centros","status":"publish","type":"page","link":"https:\/\/martaberrocal.org\/es\/cursos-en-centros\/","title":{"rendered":"Cursos en centros"},"content":{"rendered":"<p>Los cursos en centros abordan aspectos gen\u00e9ricos o espec\u00edficos relacionados con la educaci\u00f3n art\u00edstica, que proponen o piden las propias escuelas.<\/p>\n<p>Los construyo en respuesta a las demandas que estas expresan y tambi\u00e9n en funci\u00f3n de lo que yo misma creo que puedo aportar despu\u00e9s de conocernos.\u00a0 Estos cursos intentan ser especialmente pr\u00e1cticos y posibilitar que se lleven a cabo nuevas propuestas y actividades en el aula. Est\u00e1n siempre conectados con una idea de cambio y renovaci\u00f3n, as\u00ed como tambi\u00e9n de mejora.<\/p>\n<p>Tienen una duraci\u00f3n de 15 a 30 horas.<\/p>\n<p>Estos son los cursos que he realizado entre los a\u00f1os 2001 y 2008:<\/p>\n<ul>\n<li><strong>Orientaci\u00f3n y posibilidades del nuevo curr\u00edculum de Educaci\u00f3n\u00a0\u00a0 \u00a0 Visual y Pl\u00e1stica de secundaria (LOE)<\/strong>.\u00a0 Dirigido a profesorado de Educaci\u00f3n Secundaria de Escuelas Pias de Catalu\u00f1a.\n<ul>\n<li>Curso 2007-08.<\/li>\n<\/ul>\n<\/li>\n<li><strong>La educaci\u00f3n pl\u00e1stica en primaria<\/strong><em>.<\/em> CEIP Sagrada Fam\u00edlia de Caldes d\u2019Estrach .\n<ul>\n<li>Curso 2006-07<\/li>\n<\/ul>\n<\/li>\n<li><strong>Enfoques metodol\u00f3gicos y recursos did\u00e1cticos para el desarrollo del \u00e1rea de Educaci\u00f3n Visual y Pl\u00e1stica<\/strong>. Dirigido a profesorado de Educaci\u00f3n Infantil y Primaria de la Escuela Pia de Sarri\u00e0 de Barcelona.\n<ul>\n<li>Curso 2005-06<\/li>\n<\/ul>\n<\/li>\n<li><strong>La pl\u00e1stica en el aula<\/strong><em>. <\/em>CEIP Sant Joan de la Ribera de Barcelona.\n<ul>\n<li>Curso 2005-06<\/li>\n<\/ul>\n<\/li>\n<li><strong>La expresi\u00f3n pl\u00e1stica<\/strong>. Ateneu Instructiu de Sant Joan Desp\u00ed.\n<ul>\n<li>Curso 2005-06<\/li>\n<\/ul>\n<\/li>\n<li><strong>Talleres de pl\u00e1stica en la escuela.<\/strong> CEIP Anselm Clav\u00e9 de Cornell\u00e0 de Llobregat.\n<ul>\n<li>Febrero &#8211; marzo 2004<\/li>\n<\/ul>\n<\/li>\n<li><strong>El arte y la educaci\u00f3n visual y pl\u00e1stica<\/strong>.\u00a0 Granollers.\n<ul>\n<li>2001<\/li>\n<\/ul>\n<\/li>\n<li><strong>Did\u00e1ctica de la pl\u00e1stica<\/strong><em>.<\/em> Centelles.\n<ul>\n<li>Setiembre 2001<\/li>\n<\/ul>\n<\/li>\n<\/ul>\n<hr \/>\n<p>En ocasiones la docencia se desarrolla en una sola sesi\u00f3n de 3 horas, sobre un tema espec\u00edfico. Es el caso de las siguientes sesiones impartidas a profesores de Educaci\u00f3n Secundaria de diversas escuelas P\u00edas de Catalu\u00f1a:<\/p>\n<ul>\n<li><strong>El arte contempor\u00e1neo en el curr\u00edculum de educaci\u00f3n visual y pl\u00e1stica de secundaria. Estrategias de aproximaci\u00f3n y orientaciones did\u00e1cticas. <\/strong>\n<ul>\n<li>Marzo 2005<\/li>\n<\/ul>\n<\/li>\n<li><strong>El curr\u00edculum de educaci\u00f3n visual y pl\u00e1stica en secundaria<\/strong>.\n<ul>\n<li>Enero 2004<\/li>\n<\/ul>\n<\/li>\n<li><strong>El arte contempor\u00e1neo en el curr\u00edculum de <\/strong><strong>secundaria<\/strong>.\n<ul>\n<li>Enero 2003<\/li>\n<\/ul>\n<\/li>\n<\/ul>\n","protected":false},"excerpt":{"rendered":"<p>Los cursos en centros abordan aspectos gen\u00e9ricos o espec\u00edficos relacionados con la educaci\u00f3n art\u00edstica, que proponen o piden las propias escuelas. Los construyo en respuesta a las demandas que estas expresan y tambi\u00e9n en funci\u00f3n de lo que yo misma creo que puedo aportar despu\u00e9s de conocernos.\u00a0 Estos cursos intentan ser especialmente pr\u00e1cticos y posibilitar &hellip; <a href=\"https:\/\/martaberrocal.org\/es\/cursos-en-centros\/\" class=\"more-link\">Seguir leyendo <span class=\"screen-reader-text\">Cursos en centros<\/span> <span class=\"meta-nav\">&rarr;<\/span><\/a><\/p>\n","protected":false},"author":1,"featured_media":0,"parent":0,"menu_order":0,"comment_status":"closed","ping_status":"closed","template":"","meta":{"footnotes":""},"class_list":["post-1052","page","type-page","status-publish","hentry"],"_links":{"self":[{"href":"https:\/\/martaberrocal.org\/es\/wp-json\/wp\/v2\/pages\/1052","targetHints":{"allow":["GET"]}}],"collection":[{"href":"https:\/\/martaberrocal.org\/es\/wp-json\/wp\/v2\/pages"}],"about":[{"href":"https:\/\/martaberrocal.org\/es\/wp-json\/wp\/v2\/types\/page"}],"author":[{"embeddable":true,"href":"https:\/\/martaberrocal.org\/es\/wp-json\/wp\/v2\/users\/1"}],"replies":[{"embeddable":true,"href":"https:\/\/martaberrocal.org\/es\/wp-json\/wp\/v2\/comments?post=1052"}],"version-history":[{"count":8,"href":"https:\/\/martaberrocal.org\/es\/wp-json\/wp\/v2\/pages\/1052\/revisions"}],"predecessor-version":[{"id":1524,"href":"https:\/\/martaberrocal.org\/es\/wp-json\/wp\/v2\/pages\/1052\/revisions\/1524"}],"wp:attachment":[{"href":"https:\/\/martaberrocal.org\/es\/wp-json\/wp\/v2\/media?parent=1052"}],"curies":[{"name":"wp","href":"https:\/\/api.w.org\/{rel}","templated":true}]}}