
{"id":1146,"date":"2016-08-05T09:19:48","date_gmt":"2016-08-05T09:19:48","guid":{"rendered":"http:\/\/martaberrocal.org\/es\/?page_id=1146"},"modified":"2017-02-23T17:58:13","modified_gmt":"2017-02-23T17:58:13","slug":"programa-interdepartamental-de-la-renta-minima-pirmi-rmi","status":"publish","type":"page","link":"https:\/\/martaberrocal.org\/es\/programa-interdepartamental-de-la-renta-minima-pirmi-rmi\/","title":{"rendered":"Programa Interdepartamental de la Renta M\u00ednima (PIRMI -RMI)"},"content":{"rendered":"<p>Este Programa se gestiona a trav\u00e9s de una Comisi\u00f3n Interdepartamental que act\u00faa como \u00f3rgano de direcci\u00f3n y coordina las funciones del Departament de Treball, Afers socials i Fam\u00edlies i el Departament d\u2019Ensenyament de la Generalitat de Catalunya.<\/p>\n<p>La definici\u00f3n que da la <a href=\"http:\/\/sac.gencat.cat\/sacgencat\/AppJava\/servei_fitxa.jsp?codi=2271\" target=\"_blank\">web de la Generalitat <\/a>sobre este programa es la siguiente:<\/p>\n<p style=\"padding-left: 30px;\">La Renta M\u00ednima de Inserci\u00f3n es una acci\u00f3n de solidaridad de car\u00e1cter universal hacia los ciudadanos y ciudadanas con graves dificultades econ\u00f3micas y sociales, con el prop\u00f3sito de atender las necesidades b\u00e1sicas para vivir en sociedad, con los recursos convenientes para mantenerse y para favorecer la inserci\u00f3n o reinserci\u00f3n social y laboral.<\/p>\n<p>Encontrar\u00e9is m\u00e1s informaci\u00f3n en el enlace oficial que os he facilitado.<\/p>\n<p>Dentro de las medidas que se toman para llevar a cabo este programa, est\u00e1 el <strong>apoyo a la formaci\u00f3n de adultos<\/strong>. Las personas que se benefician econ\u00f3micamente, est\u00e1n obligadas en ocasiones, a asistir como contrapartida a cursos que organiza la administraci\u00f3n con el objetivo de formarlos y promover\u00a0su reinserci\u00f3n laboral.<\/p>\n<p><strong>Llegu\u00e9 al Programa Interdepartamental por puro accidente y ejerc\u00ed como docente<\/strong> en los siguientes cursos organizados por el Instituto Municipal de promoci\u00f3n de la Ocupaci\u00f3n de Badalona (<a href=\"http:\/\/www.impo.cat\/castellano\/index.php\" target=\"_blank\">IMPO<\/a>):<\/p>\n<ul>\n<li>T\u00e9cnico docente en el curso \u201cIniciaci\u00f3n al mundo laboral\u201d en la especialidad Motivaci\u00f3n. Programa RMI (337 horas).\n<ul>\n<li>De julio a diciembre del 2000.<\/li>\n<\/ul>\n<\/li>\n<li>T\u00e9cnico docente en la especialidad: Docencia M\u00f3dulo Profesionalizador-Motivaci\u00f3n. Programa RMI (300 horas).\n<ul>\n<li>De mayo a diciembre de 1999<\/li>\n<\/ul>\n<\/li>\n<li>T\u00e9cnico docente en la especialidad: Docencia M\u00f3dulo Profesionalizador-Motivaci\u00f3n. Programa RMI (250 horas).\n<ul>\n<li>De mayo a noviembre de 1998<\/li>\n<\/ul>\n<\/li>\n<li>T\u00e9cnico docente en la especialidad de formaci\u00f3n b\u00e1sica. Programa PIRMI\n<ul>\n<li>Abril a diciembre de 1997<\/li>\n<li>Febrero a julio de 1996<\/li>\n<li>Julio a diciembre de 1996<\/li>\n<\/ul>\n<\/li>\n<\/ul>\n<p>He utilizado deliberadamente la terminolog\u00eda que aparec\u00eda en los contratos siendo consciente de que es algo confusa y no da una idea clara de las funciones que desempe\u00f1\u00e9 en relaci\u00f3n a la docencia. Me voy a permitir hacer una broma muy seria: la confusi\u00f3n o vaguedad de los t\u00e9rminos utilizados refleja a la perfecci\u00f3n la vaguedad con que se afrontan estos programas y por tanto son t\u00e9rminos ideales para definir mi trabajo.<\/p>\n<p>Obs\u00e9rvese que se repite la palabra \u201c<strong>Motivaci\u00f3n<\/strong>\u201d. \u00a0Es la clave de todo.<\/p>\n<p>Me planteo volver a este punto m\u00e1s adelante para dar detalle sobre el concepto y explicar en qu\u00e9 consisti\u00f3 esta experiencia docente que ha condicionado toda mi vida futura, as\u00ed que os invito a volver a visitar esta p\u00e1gina, en el futuro. <strong>He comentado que llegu\u00e9 por accidente, pero no he explicado todav\u00eda que este trabajo me apasion\u00f3 y me aport\u00f3 much\u00edsimas cosas que me gustar\u00eda ser capaz de explicar y compartir.<\/strong> Pensar\u00e9 c\u00f3mo hacerlo<\/p>\n<p>Mientras trabajaba en el programa tuve la oportunidad de llevar a cabo un proyecto que encontrar\u00e9is en el apartado de Inclusi\u00f3n social del bloque de Proyectos Educart\u00edsticos: \u00a0\u00a0<a href=\"https:\/\/martaberrocal.org\/es\/?page_id=765\"><strong>Compa\u00f1\u00eda de marionetas \u00abLas Tigresas\u00bb<\/strong><\/a><\/p>\n<p><strong>\u00a0<\/strong><\/p>\n<p><strong>\u00a0<\/strong><\/p>\n<p>&nbsp;<\/p>\n<p>&nbsp;<\/p>\n","protected":false},"excerpt":{"rendered":"<p>Este Programa se gestiona a trav\u00e9s de una Comisi\u00f3n Interdepartamental que act\u00faa como \u00f3rgano de direcci\u00f3n y coordina las funciones del Departament de Treball, Afers socials i Fam\u00edlies i el Departament d\u2019Ensenyament de la Generalitat de Catalunya. La definici\u00f3n que da la web de la Generalitat sobre este programa es la siguiente: La Renta M\u00ednima &hellip; <a href=\"https:\/\/martaberrocal.org\/es\/programa-interdepartamental-de-la-renta-minima-pirmi-rmi\/\" class=\"more-link\">Seguir leyendo <span class=\"screen-reader-text\">Programa Interdepartamental de la Renta M\u00ednima (PIRMI -RMI)<\/span> <span class=\"meta-nav\">&rarr;<\/span><\/a><\/p>\n","protected":false},"author":1,"featured_media":0,"parent":0,"menu_order":0,"comment_status":"closed","ping_status":"closed","template":"","meta":{"footnotes":""},"class_list":["post-1146","page","type-page","status-publish","hentry"],"_links":{"self":[{"href":"https:\/\/martaberrocal.org\/es\/wp-json\/wp\/v2\/pages\/1146","targetHints":{"allow":["GET"]}}],"collection":[{"href":"https:\/\/martaberrocal.org\/es\/wp-json\/wp\/v2\/pages"}],"about":[{"href":"https:\/\/martaberrocal.org\/es\/wp-json\/wp\/v2\/types\/page"}],"author":[{"embeddable":true,"href":"https:\/\/martaberrocal.org\/es\/wp-json\/wp\/v2\/users\/1"}],"replies":[{"embeddable":true,"href":"https:\/\/martaberrocal.org\/es\/wp-json\/wp\/v2\/comments?post=1146"}],"version-history":[{"count":11,"href":"https:\/\/martaberrocal.org\/es\/wp-json\/wp\/v2\/pages\/1146\/revisions"}],"predecessor-version":[{"id":2439,"href":"https:\/\/martaberrocal.org\/es\/wp-json\/wp\/v2\/pages\/1146\/revisions\/2439"}],"wp:attachment":[{"href":"https:\/\/martaberrocal.org\/es\/wp-json\/wp\/v2\/media?parent=1146"}],"curies":[{"name":"wp","href":"https:\/\/api.w.org\/{rel}","templated":true}]}}