
{"id":1165,"date":"2016-08-05T09:27:06","date_gmt":"2016-08-05T09:27:06","guid":{"rendered":"http:\/\/martaberrocal.org\/es\/?page_id=1165"},"modified":"2017-02-24T11:24:29","modified_gmt":"2017-02-24T11:24:29","slug":"kitscaixa-valores-compacto","status":"publish","type":"page","link":"https:\/\/martaberrocal.org\/es\/kitscaixa-valores-compacto\/","title":{"rendered":"Kitscaixa valores compacto"},"content":{"rendered":"<p>&nbsp;<\/p>\n<p><img loading=\"lazy\" decoding=\"async\" class=\"alignleft wp-image-364 size-medium\" src=\"https:\/\/martaberrocal.org\/es\/wp-content\/uploads\/2016\/05\/valores-cmpacto-250x300.png\" width=\"250\" height=\"300\" srcset=\"https:\/\/martaberrocal.org\/es\/wp-content\/uploads\/2016\/05\/valores-cmpacto-250x300.png 250w, https:\/\/martaberrocal.org\/es\/wp-content\/uploads\/2016\/05\/valores-cmpacto.png 285w\" sizes=\"auto, (max-width: 250px) 100vw, 250px\" \/><\/p>\n<p>El <strong>KITSCAIXA VALORES compacto<\/strong> re\u00fane una selecci\u00f3n de materiales que forman parte del <a href=\"https:\/\/martaberrocal.org\/es\/kitscaixa-valores\/\">KITSCAIXA VALORES<\/a>. Ambos est\u00e1n <strong>destinados a trabajar la educaci\u00f3n socioemocional y en valores<\/strong>.<\/p>\n<p>Mi participaci\u00f3n en estos proyectos propici\u00f3 que me integrara en el proceso de formaci\u00f3n que se realiz\u00f3 de forma paralela a la distribuci\u00f3n del <strong>KITSCAIXA VALORES compacto<\/strong> entre entidades sociales vinculadas al programa \u00abCaixa Proinf\u00e0ncia\u00bb de la Obra Social \u00abla Caixa \u00ab. Las sesiones iban dirigidas espec\u00edficamente a educadores sociales, terapeutas, psic\u00f3logos, etc. de las entidades que hab\u00edan recibido un kit, para que pudieran utilizar los recursos con los grupos que atend\u00edan y abordar as\u00ed aspectos de educaci\u00f3n emocional con ni\u00f1os y j\u00f3venes.<\/p>\n<p>Mi experiencia previa en contextos de educaci\u00f3n no formal, el conocimiento de los objetivos y recursos del kit y mi trayectoria como formadora de formadores fueron aspectos claves en el proceso de formaci\u00f3n. Tambi\u00e9n el hecho de estar llevando a cabo, <a href=\"https:\/\/martaberrocal.org\/es\/?page_id=1162\">paralelamente, un proceso de formaci\u00f3n en el \u00e1mbito de la educaci\u00f3n reglada dirigido al profesorado de primaria y primer ciclo de secundaria sobre el KITSCAIXA VALORES<\/a>.<\/p>\n<p>Ambos contextos educativos son muy diferentes y ello me llev\u00f3 a pensar en nuevas propuestas de dinamizaci\u00f3n a partir de los materiales del kit, con un car\u00e1cter especialmente l\u00fadico y participativo. Las entidades sociales tienen libertad para trabajar de forma menos programada que en la escuela y para flexibilizar y adaptarse a las necesidades de los ni\u00f1os y j\u00f3venes. Esto\u00a0constituye en cierto sentido una ventaja a la que hay que saber sacarle partido.<\/p>\n<p>La formaci\u00f3n que impart\u00ed se centr\u00f3 en dar a conocer los materiales y en aprender a examinarlos, cr\u00edtica y creativamente, a la luz de los objetivos que gu\u00edan la educaci\u00f3n socioemocional. Tambi\u00e9n en relaci\u00f3n a los valores, con el objetivo de ser capaces de poner en juego actividades divertidas y diferentes a partir de los recursos del kit, as\u00ed como de otros que ellos mismos pudieran imaginar, construir, etc.<\/p>\n<hr \/>\n<p><strong>Durante el a\u00f1o 2010 impart\u00ed formaci\u00f3n a grupos de profesionales de la educaci\u00f3n no formal en:<\/strong><\/p>\n<ul>\n<li>Zaragoza, Murcia, Barcelona, Valencia, Madrid, Sevilla, M\u00e1laga, Las Palmas de Gran Canaria, Palma de Mallorca y Bilbao.<\/li>\n<\/ul>\n<p>Posteriormente, he realizado algunas formaciones sobre el KITSCAIXA\u00a0VALORES compacto que voy a llamar \u00abh\u00edbridas\u00bb, porque han compartido espacio con la formaci\u00f3n y presentaci\u00f3n de otros materiales. No voy a dar detalle de ellas en este apartado, tal vez lo haga en otros.<\/p>\n<p><strong>\u00a0<\/strong>Con el fin de incentivar el uso del KITSCAIXA VALORES compacto y coincidiendo con este proceso de formaci\u00f3n, me encargaron tambi\u00e9n\u00a0en 2010 la conceptualizaci\u00f3n del <a href=\"https:\/\/martaberrocal.org\/es\/?page_id=1347\"><strong>1er concurso \u201cConstruyendo valores\u201d.<\/strong><\/a><\/p>\n","protected":false},"excerpt":{"rendered":"<p>&nbsp; El KITSCAIXA VALORES compacto re\u00fane una selecci\u00f3n de materiales que forman parte del KITSCAIXA VALORES. Ambos est\u00e1n destinados a trabajar la educaci\u00f3n socioemocional y en valores. Mi participaci\u00f3n en estos proyectos propici\u00f3 que me integrara en el proceso de formaci\u00f3n que se realiz\u00f3 de forma paralela a la distribuci\u00f3n del KITSCAIXA VALORES compacto entre &hellip; <a href=\"https:\/\/martaberrocal.org\/es\/kitscaixa-valores-compacto\/\" class=\"more-link\">Seguir leyendo <span class=\"screen-reader-text\">Kitscaixa valores compacto<\/span> <span class=\"meta-nav\">&rarr;<\/span><\/a><\/p>\n","protected":false},"author":1,"featured_media":0,"parent":0,"menu_order":0,"comment_status":"closed","ping_status":"closed","template":"","meta":{"footnotes":""},"class_list":["post-1165","page","type-page","status-publish","hentry"],"_links":{"self":[{"href":"https:\/\/martaberrocal.org\/es\/wp-json\/wp\/v2\/pages\/1165","targetHints":{"allow":["GET"]}}],"collection":[{"href":"https:\/\/martaberrocal.org\/es\/wp-json\/wp\/v2\/pages"}],"about":[{"href":"https:\/\/martaberrocal.org\/es\/wp-json\/wp\/v2\/types\/page"}],"author":[{"embeddable":true,"href":"https:\/\/martaberrocal.org\/es\/wp-json\/wp\/v2\/users\/1"}],"replies":[{"embeddable":true,"href":"https:\/\/martaberrocal.org\/es\/wp-json\/wp\/v2\/comments?post=1165"}],"version-history":[{"count":9,"href":"https:\/\/martaberrocal.org\/es\/wp-json\/wp\/v2\/pages\/1165\/revisions"}],"predecessor-version":[{"id":2452,"href":"https:\/\/martaberrocal.org\/es\/wp-json\/wp\/v2\/pages\/1165\/revisions\/2452"}],"wp:attachment":[{"href":"https:\/\/martaberrocal.org\/es\/wp-json\/wp\/v2\/media?parent=1165"}],"curies":[{"name":"wp","href":"https:\/\/api.w.org\/{rel}","templated":true}]}}