
{"id":1308,"date":"2016-10-21T15:54:07","date_gmt":"2016-10-21T15:54:07","guid":{"rendered":"http:\/\/martaberrocal.org\/es\/?page_id=1308"},"modified":"2016-10-21T16:55:27","modified_gmt":"2016-10-21T16:55:27","slug":"descripcion-del-proyecto-expressart","status":"publish","type":"page","link":"https:\/\/martaberrocal.org\/es\/descripcion-del-proyecto-expressart\/","title":{"rendered":"Descripci\u00f3n del proyecto ExpressArt"},"content":{"rendered":"<figure id=\"attachment_1266\" aria-describedby=\"caption-attachment-1266\" style=\"width: 300px\" class=\"wp-caption aligncenter\"><img loading=\"lazy\" decoding=\"async\" class=\"wp-image-1266 size-medium\" src=\"https:\/\/martaberrocal.org\/es\/wp-content\/uploads\/2016\/06\/R_MG_1350-300x188.jpg\" alt=\"ExpressArt. Museo port\u00e1til. MACBA\" width=\"300\" height=\"188\" srcset=\"https:\/\/martaberrocal.org\/es\/wp-content\/uploads\/2016\/06\/R_MG_1350-300x188.jpg 300w, https:\/\/martaberrocal.org\/es\/wp-content\/uploads\/2016\/06\/R_MG_1350-768x480.jpg 768w, https:\/\/martaberrocal.org\/es\/wp-content\/uploads\/2016\/06\/R_MG_1350.jpg 800w\" sizes=\"auto, (max-width: 300px) 100vw, 300px\" \/><figcaption id=\"caption-attachment-1266\" class=\"wp-caption-text\">ExpressArt. Museo port\u00e1til<\/figcaption><\/figure>\n<figure id=\"attachment_22\" aria-describedby=\"caption-attachment-22\" style=\"width: 185px\" class=\"wp-caption alignleft\"><a href=\"https:\/\/martaberrocal.org\/es\/wp-content\/uploads\/2016\/05\/MARTA-Copiar-e1464191353100.jpg\"><img loading=\"lazy\" decoding=\"async\" class=\"wp-image-22 \" src=\"https:\/\/martaberrocal.org\/es\/wp-content\/uploads\/2016\/05\/MARTA-Copiar-e1464191353100-300x266.jpg\" alt=\"Caja de objetos del proyecto ExpressArt Museo port\u00e1til\" width=\"185\" height=\"164\" srcset=\"https:\/\/martaberrocal.org\/es\/wp-content\/uploads\/2016\/05\/MARTA-Copiar-e1464191353100-300x266.jpg 300w, https:\/\/martaberrocal.org\/es\/wp-content\/uploads\/2016\/05\/MARTA-Copiar-e1464191353100.jpg 400w\" sizes=\"auto, (max-width: 185px) 100vw, 185px\" \/><\/a><figcaption id=\"caption-attachment-22\" class=\"wp-caption-text\">Caja de objetos del proyecto ExpressArt Museo port\u00e1til<\/figcaption><\/figure>\n<figure id=\"attachment_664\" aria-describedby=\"caption-attachment-664\" style=\"width: 106px\" class=\"wp-caption alignright\"><a href=\"https:\/\/martaberrocal.org\/es\/wp-content\/uploads\/2016\/06\/Caixa-cubs-projecte-ExpressArt.jpg\"><img loading=\"lazy\" decoding=\"async\" class=\"wp-image-664 \" src=\"https:\/\/martaberrocal.org\/es\/wp-content\/uploads\/2016\/06\/Caixa-cubs-projecte-ExpressArt-196x300.jpg\" alt=\"Caja de cubos del proyecto ExpressArt Museo port\u00e1til\" width=\"106\" height=\"163\" srcset=\"https:\/\/martaberrocal.org\/es\/wp-content\/uploads\/2016\/06\/Caixa-cubs-projecte-ExpressArt-196x300.jpg 196w, https:\/\/martaberrocal.org\/es\/wp-content\/uploads\/2016\/06\/Caixa-cubs-projecte-ExpressArt.jpg 391w\" sizes=\"auto, (max-width: 106px) 100vw, 106px\" \/><\/a><figcaption id=\"caption-attachment-664\" class=\"wp-caption-text\">Caja de cubos del proyecto ExpressArt Museo port\u00e1til<\/figcaption><\/figure>\n<p>&nbsp;<\/p>\n<p>&nbsp;<\/p>\n<p>&nbsp;<\/p>\n<p>&nbsp;<\/p>\n<p>&nbsp;<\/p>\n<p>&nbsp;<\/p>\n<p>El proyecto ExpressArt nace de considerar el <span style=\"color: #000000;\"><strong>arte contempor\u00e1neo como un generador inagotable de aprendizajes <\/strong><\/span>diversos y de la <strong>voluntad de poner al alcance de todas las personas un proyecto en que las experiencias de \u00e9xito de todo el que participe est\u00e9n garantizadas desde el principio<\/strong>. Est\u00e1 pensado para el profesorado y los alumnos de educaci\u00f3n infantil, primaria y primer ciclo de secundaria, incluidos los alumnos con necesidades educativas especiales. Tambi\u00e9n es posible utilizarlo en otros niveles educativos y con adultos. El objetivo es proporcionar recursos para trabajar cuestiones y tem\u00e1ticas muy diferentes, siguiendo un enfoque competencial y siendo el arte contempor\u00e1neo el punto de partida de todo\u00a0lo que se propone.<\/p>\n<p>El proyecto est\u00e1 concebido como un conjunto de propuestas did\u00e1cticas para realizar en el aula con la ayuda de un conjunto de materiales (objetos tridimensionales, im\u00e1genes y textos) que se entregan al profesorado dentro de una caja de madera en forma de embalaje de obra de arte, con ruedas y tres cajones independientes dentro.<\/p>\n<p>El proyecto ExpressArt pretende fomentar actitudes abiertas, flexibles, receptivas, anal\u00edticas, cr\u00edticas, respetuosas y participativas que puedan ser expresadas, si se desea, a trav\u00e9s del arte.<\/p>\n","protected":false},"excerpt":{"rendered":"<p>&nbsp; &nbsp; &nbsp; &nbsp; &nbsp; &nbsp; El proyecto ExpressArt nace de considerar el arte contempor\u00e1neo como un generador inagotable de aprendizajes diversos y de la voluntad de poner al alcance de todas las personas un proyecto en que las experiencias de \u00e9xito de todo el que participe est\u00e9n garantizadas desde el principio. Est\u00e1 pensado para &hellip; <a href=\"https:\/\/martaberrocal.org\/es\/descripcion-del-proyecto-expressart\/\" class=\"more-link\">Seguir leyendo <span class=\"screen-reader-text\">Descripci\u00f3n del proyecto ExpressArt<\/span> <span class=\"meta-nav\">&rarr;<\/span><\/a><\/p>\n","protected":false},"author":1,"featured_media":0,"parent":0,"menu_order":0,"comment_status":"closed","ping_status":"closed","template":"","meta":{"footnotes":""},"class_list":["post-1308","page","type-page","status-publish","hentry"],"_links":{"self":[{"href":"https:\/\/martaberrocal.org\/es\/wp-json\/wp\/v2\/pages\/1308","targetHints":{"allow":["GET"]}}],"collection":[{"href":"https:\/\/martaberrocal.org\/es\/wp-json\/wp\/v2\/pages"}],"about":[{"href":"https:\/\/martaberrocal.org\/es\/wp-json\/wp\/v2\/types\/page"}],"author":[{"embeddable":true,"href":"https:\/\/martaberrocal.org\/es\/wp-json\/wp\/v2\/users\/1"}],"replies":[{"embeddable":true,"href":"https:\/\/martaberrocal.org\/es\/wp-json\/wp\/v2\/comments?post=1308"}],"version-history":[{"count":5,"href":"https:\/\/martaberrocal.org\/es\/wp-json\/wp\/v2\/pages\/1308\/revisions"}],"predecessor-version":[{"id":1336,"href":"https:\/\/martaberrocal.org\/es\/wp-json\/wp\/v2\/pages\/1308\/revisions\/1336"}],"wp:attachment":[{"href":"https:\/\/martaberrocal.org\/es\/wp-json\/wp\/v2\/media?parent=1308"}],"curies":[{"name":"wp","href":"https:\/\/api.w.org\/{rel}","templated":true}]}}