
{"id":182,"date":"2016-05-19T09:37:12","date_gmt":"2016-05-19T09:37:12","guid":{"rendered":"http:\/\/marta.ecoresiduos.es\/es\/?page_id=182"},"modified":"2016-11-04T12:06:41","modified_gmt":"2016-11-04T12:06:41","slug":"cursos-y-asesoramientos","status":"publish","type":"page","link":"https:\/\/martaberrocal.org\/es\/cursos-y-asesoramientos\/","title":{"rendered":"Arte y curr\u00edculum escolar"},"content":{"rendered":"<p>&nbsp;<\/p>\n<p>He organizado este apartado en tres bloques:<\/p>\n<ul>\n<li><a href=\"https:\/\/martaberrocal.org\/es\/?page_id=1049\">Cursos, talleres y conferencias abiertos<\/a> a profesorado de diferentes niveles y centros educativos.<\/li>\n<li><a href=\"https:\/\/martaberrocal.org\/es\/?page_id=1052\">Cursos impartidos en un solo centro.<\/a><\/li>\n<li><a href=\"https:\/\/martaberrocal.org\/es\/?page_id=1041\">Asesoramientos en centro<\/a>.<\/li>\n<\/ul>\n<p>El denominador com\u00fan es la educaci\u00f3n visual y pl\u00e1stica y la formaci\u00f3n est\u00e1 dirigida espec\u00edficamente a profesores de escuelas, institutos y jardines de infancia.<\/p>\n<p>&nbsp;<\/p>\n<p>&nbsp;<\/p>\n<p>&nbsp;<\/p>\n<p><strong>\u00a0<\/strong><\/p>\n","protected":false},"excerpt":{"rendered":"<p>&nbsp; He organizado este apartado en tres bloques: Cursos, talleres y conferencias abiertos a profesorado de diferentes niveles y centros educativos. Cursos impartidos en un solo centro. Asesoramientos en centro. El denominador com\u00fan es la educaci\u00f3n visual y pl\u00e1stica y la formaci\u00f3n est\u00e1 dirigida espec\u00edficamente a profesores de escuelas, institutos y jardines de infancia. &nbsp; &hellip; <a href=\"https:\/\/martaberrocal.org\/es\/cursos-y-asesoramientos\/\" class=\"more-link\">Seguir leyendo <span class=\"screen-reader-text\">Arte y curr\u00edculum escolar<\/span> <span class=\"meta-nav\">&rarr;<\/span><\/a><\/p>\n","protected":false},"author":1,"featured_media":0,"parent":0,"menu_order":0,"comment_status":"closed","ping_status":"closed","template":"","meta":{"footnotes":""},"class_list":["post-182","page","type-page","status-publish","hentry"],"_links":{"self":[{"href":"https:\/\/martaberrocal.org\/es\/wp-json\/wp\/v2\/pages\/182","targetHints":{"allow":["GET"]}}],"collection":[{"href":"https:\/\/martaberrocal.org\/es\/wp-json\/wp\/v2\/pages"}],"about":[{"href":"https:\/\/martaberrocal.org\/es\/wp-json\/wp\/v2\/types\/page"}],"author":[{"embeddable":true,"href":"https:\/\/martaberrocal.org\/es\/wp-json\/wp\/v2\/users\/1"}],"replies":[{"embeddable":true,"href":"https:\/\/martaberrocal.org\/es\/wp-json\/wp\/v2\/comments?post=182"}],"version-history":[{"count":8,"href":"https:\/\/martaberrocal.org\/es\/wp-json\/wp\/v2\/pages\/182\/revisions"}],"predecessor-version":[{"id":1470,"href":"https:\/\/martaberrocal.org\/es\/wp-json\/wp\/v2\/pages\/182\/revisions\/1470"}],"wp:attachment":[{"href":"https:\/\/martaberrocal.org\/es\/wp-json\/wp\/v2\/media?parent=182"}],"curies":[{"name":"wp","href":"https:\/\/api.w.org\/{rel}","templated":true}]}}