
{"id":242,"date":"2016-05-20T16:23:31","date_gmt":"2016-05-20T16:23:31","guid":{"rendered":"http:\/\/marta.ecoresiduos.es\/es\/?page_id=242"},"modified":"2019-01-11T12:13:29","modified_gmt":"2019-01-11T12:13:29","slug":"publicaciones-materiales-didacticos","status":"publish","type":"page","link":"https:\/\/martaberrocal.org\/es\/publicaciones-materiales-didacticos\/","title":{"rendered":"Materiales did\u00e1cticos"},"content":{"rendered":"<p><img loading=\"lazy\" decoding=\"async\" class=\"alignnone size-medium wp-image-259\" src=\"https:\/\/martaberrocal.org\/es\/wp-content\/uploads\/2016\/05\/DSC03758-Copiar-300x204.jpg\" alt=\"DSC03758 (Copiar)\" width=\"300\" height=\"204\" srcset=\"https:\/\/martaberrocal.org\/es\/wp-content\/uploads\/2016\/05\/DSC03758-Copiar-300x204.jpg 300w, https:\/\/martaberrocal.org\/es\/wp-content\/uploads\/2016\/05\/DSC03758-Copiar.jpg 640w\" sizes=\"auto, (max-width: 300px) 100vw, 300px\" \/><\/p>\n<p><strong><em>Riat i els m\u00fasics<\/em><\/strong> es un cuento de Mercedes Porras, miembro y trabajadora de la <a href=\"http:\/\/www.fundaciopereclosa.org\/\" target=\"_blank\" rel=\"noopener\">Fundaci\u00f3 Pere Closa<\/a>. Editado por el Departament d&#8217;Educaci\u00f3 de la Generalitat de Catalunya. 2007<\/p>\n<p>Colaboro conceptualizando y redactando las propuestas y orientaciones did\u00e1cticas para trabajar el cuento, incluidas al final de la publicaci\u00f3n.<\/p>\n<p><img loading=\"lazy\" decoding=\"async\" class=\"alignnone wp-image-227 size-medium\" src=\"https:\/\/martaberrocal.org\/es\/wp-content\/uploads\/2016\/05\/PORTADA-castellano-Copiar-300x106.jpg\" alt=\"PORTADA castellano (Copiar)\" width=\"300\" height=\"106\" srcset=\"https:\/\/martaberrocal.org\/es\/wp-content\/uploads\/2016\/05\/PORTADA-castellano-Copiar-300x106.jpg 300w, https:\/\/martaberrocal.org\/es\/wp-content\/uploads\/2016\/05\/PORTADA-castellano-Copiar.jpg 640w\" sizes=\"auto, (max-width: 300px) 100vw, 300px\" \/><\/p>\n<p><a href=\"https:\/\/martaberrocal.org\/es\/?page_id=231\"><strong>El cuaderno de mineroactividades<\/strong> <\/a>es un proyecto para el Museo de la Miner\u00eda del Pa\u00eds Vasco dirigido a ni\u00f1os de 6 a 12 a\u00f1os que vistan el museo con sus familias.<\/p>\n<figure id=\"attachment_505\" aria-describedby=\"caption-attachment-505\" style=\"width: 203px\" class=\"wp-caption alignnone\"><img loading=\"lazy\" decoding=\"async\" class=\"wp-image-505\" src=\"https:\/\/martaberrocal.org\/es\/wp-content\/uploads\/2016\/05\/portada_contes_l-289x300.jpg\" alt=\"portada_contes_l\" width=\"203\" height=\"211\" srcset=\"https:\/\/martaberrocal.org\/es\/wp-content\/uploads\/2016\/05\/portada_contes_l-289x300.jpg 289w, https:\/\/martaberrocal.org\/es\/wp-content\/uploads\/2016\/05\/portada_contes_l.jpg 400w\" sizes=\"auto, (max-width: 203px) 100vw, 203px\" \/><figcaption id=\"caption-attachment-505\" class=\"wp-caption-text\">Portada de la publicaci\u00f3n Contes Rromane<\/figcaption><\/figure>\n<p><a href=\"https:\/\/www.fundaciopereclosa.org\/es\/contes-rromane-2-2\/\" target=\"_blank\" rel=\"noopener\"><strong>Cuentos Rromane<\/strong><\/a> es una actividad que lleva a cabo la Fundaci\u00f3 Pere Closa con el objetivo de difundir la cultura gitana. <span lang=\"CA\">La actividad consiste en la difusi\u00f3n de cuentos y leyendas populares gitanas. En estas sesiones, dos artistas gitanos acompa\u00f1an la narraci\u00f3n y la escenificaci\u00f3n de las leyendas con m\u00fasica de guitarra interpretada en directo. Para dar continuidad a determinadas cuestiones que se ponen de relieve durante la sesi\u00f3n<strong>,<\/strong> me encargaron la elaboraci\u00f3n de un sencillo <a href=\"http:\/\/www.fundaciopereclosa.org\/es\/contes-rromane-proposta-didactica-2\/\" target=\"_blank\" rel=\"noopener\">material did\u00e1ctico<\/a>,\u00a0 para que los maestros que lo deseen, puedan continuar trabajando sobre algunos de los contenidos abordados.<\/span><\/p>\n<p><strong><a href=\"https:\/\/www.fundaciopereclosa.org\/es\/qui-som-els-rroma-2\/\" target=\"_blank\" rel=\"noopener\">\u00bfQui\u00e9nes somos los Rroma?<\/a><\/strong> es una actividad dirigida a educaci\u00f3n secundaria que consiste en una sesi\u00f3n presencial en la que dos educadores gitanos explican el origen geogr\u00e1fico e hist\u00f3rico del pueblo gitano, cu\u00e1l es la situaci\u00f3n de su lengua y la distribuci\u00f3n geogr\u00e1fica actual, as\u00ed como los s\u00edmbolos identificadores. En el transcurso de la sesi\u00f3n se abordan algunos de los estereotipos que popularmente definen el pueblo gitano y se introduce el concepto de interculturalidad.\u00a0<span lang=\"CA\">Para dar continuidad a algunas de las cuestiones que se ponen de relieve durante la sesi\u00f3n<strong>,<\/strong> me encargaron la elaboraci\u00f3n de un <a href=\"https:\/\/www.fundaciopereclosa.org\/es\/qui-som-els-rroma-proposta-didactica-2\/\" target=\"_blank\" rel=\"noopener\">material did\u00e1ctico<\/a>.<\/span><\/p>\n","protected":false},"excerpt":{"rendered":"<p>Riat i els m\u00fasics es un cuento de Mercedes Porras, miembro y trabajadora de la Fundaci\u00f3 Pere Closa. Editado por el Departament d&#8217;Educaci\u00f3 de la Generalitat de Catalunya. 2007 Colaboro conceptualizando y redactando las propuestas y orientaciones did\u00e1cticas para trabajar el cuento, incluidas al final de la publicaci\u00f3n. El cuaderno de mineroactividades es un proyecto &hellip; <a href=\"https:\/\/martaberrocal.org\/es\/publicaciones-materiales-didacticos\/\" class=\"more-link\">Seguir leyendo <span class=\"screen-reader-text\">Materiales did\u00e1cticos<\/span> <span class=\"meta-nav\">&rarr;<\/span><\/a><\/p>\n","protected":false},"author":1,"featured_media":0,"parent":0,"menu_order":0,"comment_status":"closed","ping_status":"closed","template":"","meta":{"footnotes":""},"class_list":["post-242","page","type-page","status-publish","hentry"],"_links":{"self":[{"href":"https:\/\/martaberrocal.org\/es\/wp-json\/wp\/v2\/pages\/242","targetHints":{"allow":["GET"]}}],"collection":[{"href":"https:\/\/martaberrocal.org\/es\/wp-json\/wp\/v2\/pages"}],"about":[{"href":"https:\/\/martaberrocal.org\/es\/wp-json\/wp\/v2\/types\/page"}],"author":[{"embeddable":true,"href":"https:\/\/martaberrocal.org\/es\/wp-json\/wp\/v2\/users\/1"}],"replies":[{"embeddable":true,"href":"https:\/\/martaberrocal.org\/es\/wp-json\/wp\/v2\/comments?post=242"}],"version-history":[{"count":9,"href":"https:\/\/martaberrocal.org\/es\/wp-json\/wp\/v2\/pages\/242\/revisions"}],"predecessor-version":[{"id":6102,"href":"https:\/\/martaberrocal.org\/es\/wp-json\/wp\/v2\/pages\/242\/revisions\/6102"}],"wp:attachment":[{"href":"https:\/\/martaberrocal.org\/es\/wp-json\/wp\/v2\/media?parent=242"}],"curies":[{"name":"wp","href":"https:\/\/api.w.org\/{rel}","templated":true}]}}