
{"id":530,"date":"2016-05-26T17:05:20","date_gmt":"2016-05-26T17:05:20","guid":{"rendered":"http:\/\/marta.ecoresiduos.es\/es\/?page_id=530"},"modified":"2018-10-07T10:25:24","modified_gmt":"2018-10-07T10:25:24","slug":"clientes","status":"publish","type":"page","link":"https:\/\/martaberrocal.org\/es\/clientes\/","title":{"rendered":"Clientes y colaboradores"},"content":{"rendered":"<p><a href=\"https:\/\/martaberrocal.org\/es\/wp-content\/uploads\/2016\/05\/CEP-Almeria.jpg\">\u00a0<\/a><\/p>\n<h4 style=\"text-align: right;\"><span style=\"color: #800080;\"><strong>Amigos y colaboradores<\/strong><\/span><\/h4>\n<hr \/>\n<p style=\"padding-left: 30px;\"><a href=\"http:\/\/www.materialeduc.net\/webcast.html\" target=\"_blank\" rel=\"noopener\"><strong>Toni Cirera<\/strong><\/a>, dise\u00f1o de actividades y materiales educativos<\/p>\n<p style=\"padding-left: 30px;\"><strong>Serafina Balasch<\/strong>,\u00a0ilustraciones<\/p>\n<p style=\"text-align: left; padding-left: 30px;\"><strong>Ricard Bonmat\u00ed<\/strong>, <strong>Llu\u00eds Garcia Petit<\/strong> y <strong>Elisenda Santasusagna<\/strong>, \u00a0 correcci\u00f3n ling\u00fc\u00edstica<\/p>\n<p style=\"text-align: left; padding-left: 30px;\"><strong>Francesc Uribe<\/strong>, asesoramiento cient\u00edfico<\/p>\n<p style=\"text-align: left; padding-left: 30px;\"><b>Merc\u00e8 Gaja<\/b> y <a href=\"http:\/\/regalimsdecolors.blogspot.com.es\/\" target=\"_blank\" rel=\"noopener\"><strong>Elena Ramos<\/strong><\/a>, asesoramiento art\u00edstico y creativo<\/p>\n<p style=\"padding-left: 30px;\"><strong>S\u00f2nia L\u00f3pez<\/strong>, dise\u00f1o gr\u00e1fico y contenidos interactivos<\/p>\n<p style=\"padding-left: 30px;\"><a href=\"http:\/\/www.3dcuatro.com\/\" target=\"_blank\" rel=\"noopener\"><strong>3dcuatro<\/strong><\/a>, contenidos interactivos y visualizaci\u00f3n 3D<\/p>\n<p style=\"padding-left: 30px;\"><a href=\"http:\/\/femflocs.com\/\" target=\"_blank\" rel=\"noopener\"><strong>Femflocs<\/strong> <\/a>, ebanister\u00eda y carpinter\u00eda<\/p>\n<h3 style=\"text-align: right;\"><span style=\"color: #800080;\"><strong>Clientes<\/strong><\/span><\/h3>\n<hr \/>\n<h6 style=\"text-align: right;\"><span style=\"color: #800080;\"><strong>Museos<\/strong> <\/span><\/h6>\n<hr \/>\n<p><img loading=\"lazy\" decoding=\"async\" class=\"wp-image-865 alignleft\" src=\"https:\/\/martaberrocal.org\/es\/wp-content\/uploads\/2016\/05\/macba.jpg\" alt=\"macba\" width=\"196\" height=\"68\" \/><img loading=\"lazy\" decoding=\"async\" class=\"alignright wp-image-1737\" src=\"https:\/\/martaberrocal.org\/es\/wp-content\/uploads\/2016\/05\/fclp-logo-300x300.jpg\" alt=\"\" width=\"103\" height=\"103\" srcset=\"https:\/\/martaberrocal.org\/es\/wp-content\/uploads\/2016\/05\/fclp-logo-300x300.jpg 300w, https:\/\/martaberrocal.org\/es\/wp-content\/uploads\/2016\/05\/fclp-logo-150x150.jpg 150w, https:\/\/martaberrocal.org\/es\/wp-content\/uploads\/2016\/05\/fclp-logo-768x768.jpg 768w, https:\/\/martaberrocal.org\/es\/wp-content\/uploads\/2016\/05\/fclp-logo.jpg 1000w\" sizes=\"auto, (max-width: 103px) 100vw, 103px\" \/><img loading=\"lazy\" decoding=\"async\" class=\"aligncenter wp-image-869\" src=\"https:\/\/martaberrocal.org\/es\/wp-content\/uploads\/2016\/05\/mnac.png\" alt=\"\" width=\"125\" height=\"125\" srcset=\"https:\/\/martaberrocal.org\/es\/wp-content\/uploads\/2016\/05\/mnac.png 225w, https:\/\/martaberrocal.org\/es\/wp-content\/uploads\/2016\/05\/mnac-150x150.png 150w\" sizes=\"auto, (max-width: 125px) 100vw, 125px\" \/><\/p>\n<p><img loading=\"lazy\" decoding=\"async\" class=\"alignleft wp-image-911\" src=\"https:\/\/martaberrocal.org\/es\/wp-content\/uploads\/2016\/05\/jardi-botanic-300x154.jpg\" alt=\"\" width=\"164\" height=\"84\" srcset=\"https:\/\/martaberrocal.org\/es\/wp-content\/uploads\/2016\/05\/jardi-botanic-300x154.jpg 300w, https:\/\/martaberrocal.org\/es\/wp-content\/uploads\/2016\/05\/jardi-botanic.jpg 313w\" sizes=\"auto, (max-width: 164px) 100vw, 164px\" \/><\/p>\n<p>&nbsp;<\/p>\n<p><img loading=\"lazy\" decoding=\"async\" class=\"alignright wp-image-868\" src=\"https:\/\/martaberrocal.org\/es\/wp-content\/uploads\/2016\/05\/logo-mev-e1482942519804.jpg\" alt=\"\" width=\"156\" height=\"86\" \/><img loading=\"lazy\" decoding=\"async\" class=\"aligncenter wp-image-912\" src=\"https:\/\/martaberrocal.org\/es\/wp-content\/uploads\/2016\/05\/logo-nat.png\" alt=\"\" width=\"178\" height=\"82\" \/><\/p>\n<p><img loading=\"lazy\" decoding=\"async\" class=\"alignleft wp-image-905\" src=\"https:\/\/martaberrocal.org\/es\/wp-content\/uploads\/2016\/05\/logo-maritim-300x52.jpg\" alt=\"\" width=\"214\" height=\"37\" srcset=\"https:\/\/martaberrocal.org\/es\/wp-content\/uploads\/2016\/05\/logo-maritim-300x52.jpg 300w, https:\/\/martaberrocal.org\/es\/wp-content\/uploads\/2016\/05\/logo-maritim.jpg 310w\" sizes=\"auto, (max-width: 214px) 100vw, 214px\" \/><\/p>\n<p><img loading=\"lazy\" decoding=\"async\" class=\"aligncenter wp-image-2884 size-full\" src=\"https:\/\/martaberrocal.org\/es\/wp-content\/uploads\/logo.gif\" alt=\"\" width=\"182\" height=\"66\" \/><img loading=\"lazy\" decoding=\"async\" class=\"alignright wp-image-1739\" src=\"https:\/\/martaberrocal.org\/es\/wp-content\/uploads\/2016\/05\/Museo-Mineria-e1482942000496-249x300.jpg\" alt=\"\" width=\"128\" height=\"155\" srcset=\"https:\/\/martaberrocal.org\/es\/wp-content\/uploads\/2016\/05\/Museo-Mineria-e1482942000496-249x300.jpg 249w, https:\/\/martaberrocal.org\/es\/wp-content\/uploads\/2016\/05\/Museo-Mineria-e1482942000496.jpg 444w\" sizes=\"auto, (max-width: 128px) 100vw, 128px\" \/><img loading=\"lazy\" decoding=\"async\" class=\"alignleft wp-image-1741\" src=\"https:\/\/martaberrocal.org\/es\/wp-content\/uploads\/2016\/05\/Vinseum-e1482941940851.jpg\" alt=\"\" width=\"130\" height=\"130\" \/><\/p>\n<h6><\/h6>\n<p>&nbsp;<\/p>\n<h6 style=\"text-align: right;\"><span style=\"color: #800080;\"><strong>Consejer\u00edas de educaci\u00f3n, salud \u00a0y universidades<\/strong><\/span><\/h6>\n<hr \/>\n<p><img loading=\"lazy\" decoding=\"async\" class=\"alignleft wp-image-1736\" src=\"https:\/\/martaberrocal.org\/es\/wp-content\/uploads\/2016\/05\/dep-ensenyament-logo-e1482942153296-300x94.png\" alt=\"\" width=\"227\" height=\"71\" srcset=\"https:\/\/martaberrocal.org\/es\/wp-content\/uploads\/2016\/05\/dep-ensenyament-logo-e1482942153296-300x94.png 300w, https:\/\/martaberrocal.org\/es\/wp-content\/uploads\/2016\/05\/dep-ensenyament-logo-e1482942153296.png 400w\" sizes=\"auto, (max-width: 227px) 100vw, 227px\" \/><\/p>\n<p><a href=\"https:\/\/martaberrocal.org\/es\/wp-content\/uploads\/2016\/05\/Institut-dEstudis-salt.png\"><img loading=\"lazy\" decoding=\"async\" class=\"alignleft wp-image-919\" src=\"https:\/\/martaberrocal.org\/es\/wp-content\/uploads\/2016\/05\/Institut-dEstudis-salt.png\" alt=\"\" width=\"160\" height=\"91\" \/><br \/>\n<\/a><\/p>\n<p><img loading=\"lazy\" decoding=\"async\" class=\"alignnone wp-image-2886\" src=\"https:\/\/martaberrocal.org\/es\/wp-content\/uploads\/logo-xunta-galicia.png\" alt=\"\" width=\"218\" height=\"55\" \/><img loading=\"lazy\" decoding=\"async\" class=\"alignnone wp-image-1733\" src=\"https:\/\/martaberrocal.org\/es\/wp-content\/uploads\/2016\/05\/CEP-Almeria-300x73.jpg\" alt=\"\" width=\"230\" height=\"56\" srcset=\"https:\/\/martaberrocal.org\/es\/wp-content\/uploads\/2016\/05\/CEP-Almeria-300x73.jpg 300w, https:\/\/martaberrocal.org\/es\/wp-content\/uploads\/2016\/05\/CEP-Almeria.jpg 450w\" sizes=\"auto, (max-width: 230px) 100vw, 230px\" \/><a href=\"https:\/\/martaberrocal.org\/es\/wp-content\/uploads\/logo-xunta-galicia.png\"><br \/>\n<\/a><\/p>\n<h6>\u00a0<img loading=\"lazy\" decoding=\"async\" class=\"alignleft wp-image-902\" src=\"https:\/\/martaberrocal.org\/es\/wp-content\/uploads\/2016\/05\/ice-ub-300x157.jpg\" alt=\"\" width=\"155\" height=\"81\" srcset=\"https:\/\/martaberrocal.org\/es\/wp-content\/uploads\/2016\/05\/ice-ub-300x157.jpg 300w, https:\/\/martaberrocal.org\/es\/wp-content\/uploads\/2016\/05\/ice-ub.jpg 310w\" sizes=\"auto, (max-width: 155px) 100vw, 155px\" \/><img loading=\"lazy\" decoding=\"async\" class=\"alignnone wp-image-906\" src=\"https:\/\/martaberrocal.org\/es\/wp-content\/uploads\/2016\/05\/uab-300x166.png\" alt=\"\" width=\"148\" height=\"82\" srcset=\"https:\/\/martaberrocal.org\/es\/wp-content\/uploads\/2016\/05\/uab-300x166.png 300w, https:\/\/martaberrocal.org\/es\/wp-content\/uploads\/2016\/05\/uab.png 301w\" sizes=\"auto, (max-width: 148px) 100vw, 148px\" \/><\/h6>\n<p>&nbsp;<\/p>\n<h6 style=\"text-align: right;\"><span style=\"color: #800080;\"><strong>Instituciones sociales y culturales, asociaciones educativas, fundaciones y oeneg\u00e9s<\/strong><\/span><\/h6>\n<hr \/>\n<p><img loading=\"lazy\" decoding=\"async\" class=\"alignleft wp-image-427\" src=\"https:\/\/martaberrocal.org\/es\/wp-content\/uploads\/2016\/05\/logo-apropa-cultura.gif\" alt=\"\" width=\"216\" height=\"53\" \/><\/p>\n<p>&nbsp;<\/p>\n<p><img loading=\"lazy\" decoding=\"async\" class=\"alignnone wp-image-1735\" src=\"https:\/\/martaberrocal.org\/es\/wp-content\/uploads\/2016\/05\/Cosmocaixa-300x152.jpg\" alt=\"\" width=\"187\" height=\"95\" srcset=\"https:\/\/martaberrocal.org\/es\/wp-content\/uploads\/2016\/05\/Cosmocaixa-300x152.jpg 300w, https:\/\/martaberrocal.org\/es\/wp-content\/uploads\/2016\/05\/Cosmocaixa.jpg 627w\" sizes=\"auto, (max-width: 187px) 100vw, 187px\" \/><img loading=\"lazy\" decoding=\"async\" class=\"alignnone wp-image-863\" src=\"https:\/\/martaberrocal.org\/es\/wp-content\/uploads\/2016\/05\/educaixa-300x118.png\" alt=\"\" width=\"188\" height=\"74\" srcset=\"https:\/\/martaberrocal.org\/es\/wp-content\/uploads\/2016\/05\/educaixa-300x118.png 300w, https:\/\/martaberrocal.org\/es\/wp-content\/uploads\/2016\/05\/educaixa.png 424w\" sizes=\"auto, (max-width: 188px) 100vw, 188px\" \/><img loading=\"lazy\" decoding=\"async\" class=\"alignleft wp-image-864\" src=\"https:\/\/martaberrocal.org\/es\/wp-content\/uploads\/2016\/05\/Obra-social-300x66.png\" alt=\"\" width=\"241\" height=\"53\" srcset=\"https:\/\/martaberrocal.org\/es\/wp-content\/uploads\/2016\/05\/Obra-social-300x66.png 300w, https:\/\/martaberrocal.org\/es\/wp-content\/uploads\/2016\/05\/Obra-social.png 634w\" sizes=\"auto, (max-width: 241px) 100vw, 241px\" \/><\/p>\n<p><img loading=\"lazy\" decoding=\"async\" class=\"alignleft wp-image-1746\" src=\"https:\/\/martaberrocal.org\/es\/wp-content\/uploads\/2016\/05\/veterinarios-sin-fronteras-300x164.jpg\" alt=\"\" width=\"159\" height=\"87\" srcset=\"https:\/\/martaberrocal.org\/es\/wp-content\/uploads\/2016\/05\/veterinarios-sin-fronteras-300x164.jpg 300w, https:\/\/martaberrocal.org\/es\/wp-content\/uploads\/2016\/05\/veterinarios-sin-fronteras.jpg 440w\" sizes=\"auto, (max-width: 159px) 100vw, 159px\" \/><img loading=\"lazy\" decoding=\"async\" class=\"alignnone wp-image-920\" src=\"https:\/\/martaberrocal.org\/es\/wp-content\/uploads\/2016\/05\/pere-closa-300x198.jpg\" alt=\"\" width=\"167\" height=\"110\" srcset=\"https:\/\/martaberrocal.org\/es\/wp-content\/uploads\/2016\/05\/pere-closa-300x198.jpg 300w, https:\/\/martaberrocal.org\/es\/wp-content\/uploads\/2016\/05\/pere-closa.jpg 310w\" sizes=\"auto, (max-width: 167px) 100vw, 167px\" \/><img loading=\"lazy\" decoding=\"async\" class=\"alignleft wp-image-1740\" src=\"https:\/\/martaberrocal.org\/es\/wp-content\/uploads\/2016\/05\/Secretariado-gitano.jpg\" alt=\"\" width=\"173\" height=\"104\" \/><\/p>\n<p><img loading=\"lazy\" decoding=\"async\" class=\"alignnone wp-image-914\" src=\"https:\/\/martaberrocal.org\/es\/wp-content\/uploads\/2016\/05\/maria-del-corral-300x137.png\" alt=\"\" width=\"228\" height=\"104\" srcset=\"https:\/\/martaberrocal.org\/es\/wp-content\/uploads\/2016\/05\/maria-del-corral-300x137.png 300w, https:\/\/martaberrocal.org\/es\/wp-content\/uploads\/2016\/05\/maria-del-corral.png 333w\" sizes=\"auto, (max-width: 228px) 100vw, 228px\" \/><\/p>\n<p><img loading=\"lazy\" decoding=\"async\" class=\"alignleft wp-image-5643\" src=\"https:\/\/martaberrocal.org\/es\/wp-content\/uploads\/Logo-CAIEV-sencer-300x284.jpg\" alt=\"\" width=\"163\" height=\"154\" srcset=\"https:\/\/martaberrocal.org\/es\/wp-content\/uploads\/Logo-CAIEV-sencer-300x284.jpg 300w, https:\/\/martaberrocal.org\/es\/wp-content\/uploads\/Logo-CAIEV-sencer.jpg 384w\" sizes=\"auto, (max-width: 163px) 100vw, 163px\" \/> <img loading=\"lazy\" decoding=\"async\" class=\"alignnone size-full wp-image-5644\" src=\"https:\/\/martaberrocal.org\/es\/wp-content\/uploads\/Logo-MEM.jpg\" alt=\"\" width=\"225\" height=\"225\" srcset=\"https:\/\/martaberrocal.org\/es\/wp-content\/uploads\/Logo-MEM.jpg 225w, https:\/\/martaberrocal.org\/es\/wp-content\/uploads\/Logo-MEM-150x150.jpg 150w\" sizes=\"auto, (max-width: 225px) 100vw, 225px\" \/><\/p>\n<p>&nbsp;<\/p>\n<p style=\"text-align: right;\"><span style=\"color: #800080;\"><strong>Colegios profesionales<\/strong><\/span><\/p>\n<hr \/>\n<p><img loading=\"lazy\" decoding=\"async\" class=\"alignleft wp-image-1734\" src=\"https:\/\/martaberrocal.org\/es\/wp-content\/uploads\/2016\/05\/Colbacat-300x60.jpg\" alt=\"\" width=\"285\" height=\"57\" srcset=\"https:\/\/martaberrocal.org\/es\/wp-content\/uploads\/2016\/05\/Colbacat-300x60.jpg 300w, https:\/\/martaberrocal.org\/es\/wp-content\/uploads\/2016\/05\/Colbacat-768x154.jpg 768w, https:\/\/martaberrocal.org\/es\/wp-content\/uploads\/2016\/05\/Colbacat.jpg 896w\" sizes=\"auto, (max-width: 285px) 100vw, 285px\" \/><img loading=\"lazy\" decoding=\"async\" class=\"wp-image-910 alignnone\" src=\"https:\/\/martaberrocal.org\/es\/wp-content\/uploads\/2016\/05\/ACL-300x300.jpg\" alt=\"ACL\" width=\"146\" height=\"146\" srcset=\"https:\/\/martaberrocal.org\/es\/wp-content\/uploads\/2016\/05\/ACL-300x300.jpg 300w, https:\/\/martaberrocal.org\/es\/wp-content\/uploads\/2016\/05\/ACL-150x150.jpg 150w, https:\/\/martaberrocal.org\/es\/wp-content\/uploads\/2016\/05\/ACL.jpg 474w\" sizes=\"auto, (max-width: 146px) 100vw, 146px\" \/><\/p>\n<p>&nbsp;<\/p>\n<h6 style=\"text-align: right;\"><span style=\"color: #800080;\"><strong>Ayuntamientos<\/strong> <\/span><\/h6>\n<hr \/>\n<p>&nbsp;<\/p>\n<p><img loading=\"lazy\" decoding=\"async\" class=\"wp-image-1250 alignleft\" src=\"https:\/\/martaberrocal.org\/es\/wp-content\/uploads\/2016\/08\/escut_i_aj_st_cebria_de_vallala-300x113.jpg\" alt=\"\" width=\"186\" height=\"70\" srcset=\"https:\/\/martaberrocal.org\/es\/wp-content\/uploads\/2016\/08\/escut_i_aj_st_cebria_de_vallala-300x113.jpg 300w, https:\/\/martaberrocal.org\/es\/wp-content\/uploads\/2016\/08\/escut_i_aj_st_cebria_de_vallala.jpg 400w\" sizes=\"auto, (max-width: 186px) 100vw, 186px\" \/><\/p>\n<p><img loading=\"lazy\" decoding=\"async\" class=\"wp-image-1732 alignnone\" src=\"https:\/\/martaberrocal.org\/es\/wp-content\/uploads\/2016\/05\/Logo-Aj-Girona-300x88.jpg\" alt=\"\" width=\"188\" height=\"55\" srcset=\"https:\/\/martaberrocal.org\/es\/wp-content\/uploads\/2016\/05\/Logo-Aj-Girona-300x88.jpg 300w, https:\/\/martaberrocal.org\/es\/wp-content\/uploads\/2016\/05\/Logo-Aj-Girona-768x224.jpg 768w, https:\/\/martaberrocal.org\/es\/wp-content\/uploads\/2016\/05\/Logo-Aj-Girona-1024x299.jpg 1024w, https:\/\/martaberrocal.org\/es\/wp-content\/uploads\/2016\/05\/Logo-Aj-Girona.jpg 1439w\" sizes=\"auto, (max-width: 188px) 100vw, 188px\" \/><\/p>\n<h6><\/h6>\n<h6 style=\"text-align: right;\"><span style=\"color: #800080;\"><strong>Empresas<\/strong><\/span><\/h6>\n<hr \/>\n<p><img loading=\"lazy\" decoding=\"async\" class=\"alignleft wp-image-1728\" src=\"https:\/\/martaberrocal.org\/es\/wp-content\/uploads\/2016\/05\/Materials-educatius.jpg\" alt=\"\" width=\"205\" height=\"97\" \/><\/p>\n<p>&nbsp;<\/p>\n<p>&nbsp;<\/p>\n","protected":false},"excerpt":{"rendered":"<p>\u00a0 Amigos y colaboradores Toni Cirera, dise\u00f1o de actividades y materiales educativos Serafina Balasch,\u00a0ilustraciones Ricard Bonmat\u00ed, Llu\u00eds Garcia Petit y Elisenda Santasusagna, \u00a0 correcci\u00f3n ling\u00fc\u00edstica Francesc Uribe, asesoramiento cient\u00edfico Merc\u00e8 Gaja y Elena Ramos, asesoramiento art\u00edstico y creativo S\u00f2nia L\u00f3pez, dise\u00f1o gr\u00e1fico y contenidos interactivos 3dcuatro, contenidos interactivos y visualizaci\u00f3n 3D Femflocs , ebanister\u00eda y &hellip; <a href=\"https:\/\/martaberrocal.org\/es\/clientes\/\" class=\"more-link\">Seguir leyendo <span class=\"screen-reader-text\">Clientes y colaboradores<\/span> <span class=\"meta-nav\">&rarr;<\/span><\/a><\/p>\n","protected":false},"author":1,"featured_media":0,"parent":0,"menu_order":0,"comment_status":"closed","ping_status":"closed","template":"page-templates\/full-width.php","meta":{"footnotes":""},"class_list":["post-530","page","type-page","status-publish","hentry"],"_links":{"self":[{"href":"https:\/\/martaberrocal.org\/es\/wp-json\/wp\/v2\/pages\/530","targetHints":{"allow":["GET"]}}],"collection":[{"href":"https:\/\/martaberrocal.org\/es\/wp-json\/wp\/v2\/pages"}],"about":[{"href":"https:\/\/martaberrocal.org\/es\/wp-json\/wp\/v2\/types\/page"}],"author":[{"embeddable":true,"href":"https:\/\/martaberrocal.org\/es\/wp-json\/wp\/v2\/users\/1"}],"replies":[{"embeddable":true,"href":"https:\/\/martaberrocal.org\/es\/wp-json\/wp\/v2\/comments?post=530"}],"version-history":[{"count":30,"href":"https:\/\/martaberrocal.org\/es\/wp-json\/wp\/v2\/pages\/530\/revisions"}],"predecessor-version":[{"id":5646,"href":"https:\/\/martaberrocal.org\/es\/wp-json\/wp\/v2\/pages\/530\/revisions\/5646"}],"wp:attachment":[{"href":"https:\/\/martaberrocal.org\/es\/wp-json\/wp\/v2\/media?parent=530"}],"curies":[{"name":"wp","href":"https:\/\/api.w.org\/{rel}","templated":true}]}}